{"version":"1.0","provider_name":"Les Petits Livres","provider_url":"https:\/\/smallthings.fr\/lespetitslivres","author_name":"Audrey Ch\u00e8vrefeuille","author_url":"https:\/\/smallthings.fr\/lespetitslivres\/author\/audrey_h\/","title":"V\u00e9ronique Ovald\u00e9 - La gr\u00e2ce des brigands - Les Petits Livres","type":"rich","width":600,"height":338,"html":"<blockquote class=\"wp-embedded-content\" data-secret=\"TCiVFrsB7g\"><a href=\"https:\/\/smallthings.fr\/lespetitslivres\/2013\/09\/13\/veronique-ovalde-grace-brigands\/\">V\u00e9ronique Ovald\u00e9 &#8211; La gr\u00e2ce des brigands<\/a><\/blockquote><iframe sandbox=\"allow-scripts\" security=\"restricted\" src=\"https:\/\/smallthings.fr\/lespetitslivres\/2013\/09\/13\/veronique-ovalde-grace-brigands\/embed\/#?secret=TCiVFrsB7g\" width=\"600\" height=\"338\" title=\"\u00ab\u00a0V\u00e9ronique Ovald\u00e9 &#8211; La gr\u00e2ce des brigands\u00a0\u00bb &#8212; Les Petits Livres\" data-secret=\"TCiVFrsB7g\" frameborder=\"0\" marginwidth=\"0\" marginheight=\"0\" scrolling=\"no\" class=\"wp-embedded-content\"><\/iframe><script type=\"text\/javascript\">\n\/* <![CDATA[ *\/\n\/*! This file is auto-generated *\/\n!function(d,l){\"use strict\";l.querySelector&&d.addEventListener&&\"undefined\"!=typeof URL&&(d.wp=d.wp||{},d.wp.receiveEmbedMessage||(d.wp.receiveEmbedMessage=function(e){var t=e.data;if((t||t.secret||t.message||t.value)&&!\/[^a-zA-Z0-9]\/.test(t.secret)){for(var s,r,n,a=l.querySelectorAll('iframe[data-secret=\"'+t.secret+'\"]'),o=l.querySelectorAll('blockquote[data-secret=\"'+t.secret+'\"]'),c=new RegExp(\"^https?:$\",\"i\"),i=0;i<o.length;i++)o[i].style.display=\"none\";for(i=0;i<a.length;i++)s=a[i],e.source===s.contentWindow&&(s.removeAttribute(\"style\"),\"height\"===t.message?(1e3<(r=parseInt(t.value,10))?r=1e3:~~r<200&&(r=200),s.height=r):\"link\"===t.message&&(r=new URL(s.getAttribute(\"src\")),n=new URL(t.value),c.test(n.protocol))&&n.host===r.host&&l.activeElement===s&&(d.top.location.href=t.value))}},d.addEventListener(\"message\",d.wp.receiveEmbedMessage,!1),l.addEventListener(\"DOMContentLoaded\",function(){for(var e,t,s=l.querySelectorAll(\"iframe.wp-embedded-content\"),r=0;r<s.length;r++)(t=(e=s[r]).getAttribute(\"data-secret\"))||(t=Math.random().toString(36).substring(2,12),e.src+=\"#?secret=\"+t,e.setAttribute(\"data-secret\",t)),e.contentWindow.postMessage({message:\"ready\",secret:t},\"*\")},!1)))}(window,document);\n\/* ]]> *\/\n<\/script>\n","thumbnail_url":null,"thumbnail_width":null,"thumbnail_height":null,"description":"La gr\u00e2ce des brigants, neuvi\u00e8me roman de V\u00e9ronique Ovald\u00e9, sort aux \u00e9ditions de l&rsquo;Olivier en cette rentr\u00e9e litt\u00e9raire. V\u00e9ronique Ovald\u00e9 est notamment l&rsquo;auteur des tr\u00e8s prim\u00e9s Ce que je sais de Vera\u00a0Candida et Mon coeur transparent. Cette fois encore, les personnages et leurs histoires, leurs pass\u00e9s, sont au coeur de ce nouveau roman. La gr\u00e2ce"}